{"id":16,"date":"2024-11-14T22:04:02","date_gmt":"2024-11-14T21:04:02","guid":{"rendered":"https:\/\/djk-arminia-eilendorf.de\/leichathletik\/?page_id=16"},"modified":"2026-04-28T17:25:18","modified_gmt":"2026-04-28T15:25:18","slug":"vorstand","status":"publish","type":"page","link":"https:\/\/djk-arminia-eilendorf.de\/leichtathletik\/vorstand\/","title":{"rendered":"Vorstand"},"content":{"rendered":"<div style=\"width: 100%;font-family: Arial, sans-serif;color: #111111\">\n<p><!-- HERO --><\/p>\n<div style=\"width: 100%;background: linear-gradient(135deg, #0b56c4 0%, #00AEEF 100%);border-radius: 28px;padding: 34px 30px;margin-bottom: 28px\">\n<div style=\"font-size: 14px;font-weight: 800;letter-spacing: 2px;text-transform: uppercase;color: #eaf7ff;margin-bottom: 10px\">Leichtathletik Cheetahs<\/div>\n<h1 style=\"margin: 0 0 10px 0;font-size: 42px;line-height: 1.02;font-weight: 900;text-transform: uppercase;color: #ffffff\">Vorstand<\/h1>\n<p style=\"margin: 0;max-width: 760px;font-size: 18px;line-height: 1.6;color: #f4fbff;font-weight: 500\">Menschen mit Herz, Verantwortung und Bewegung im Blick \u2013<br \/>\nf\u00fcr den Aufbau und die Entwicklung der Leichtathletikabteilung in Eilendorf.<\/p>\n<\/div>\n<p><!-- HEIKO HERMS --><\/p>\n<div style=\"background: linear-gradient(135deg, rgba(255,255,255,0.98) 0%, rgba(240,247,255,0.98) 100%);border-left: 8px solid #0b56c4;border-radius: 24px;padding: 30px 28px 26px 28px;position: relative;overflow: hidden;margin-bottom: 28px\">\n<div style=\"position: absolute;top: 0;right: 0;width: 150px;height: 150px;background: radial-gradient(circle at top right, rgba(0,174,239,0.16), rgba(255,255,255,0))\"><\/div>\n<div style=\"flex-wrap: wrap;gap: 22px;align-items: center;margin-bottom: 22px\">\n<div style=\"flex: 0 0 170px;width: 170px;height: 170px;border-radius: 22px;overflow: hidden;background: #dfeaf7\"><img decoding=\"async\" style=\"width: 100%;height: 100%;object-fit: cover\" src=\"https:\/\/djk-arminia-eilendorf.de\/leichtathletik\/wp-content\/uploads\/sites\/9\/2025\/06\/143639163_815628785687183_5875315959054531009_n.jpg\" alt=\"Heiko Herms\" \/><\/div>\n<div style=\"flex: 1 1 320px;min-width: 260px\">\n<div style=\"font-size: 13px;font-weight: 800;letter-spacing: 2px;text-transform: uppercase;color: #0b56c4;margin-bottom: 10px\">Abteilungsleiter<\/div>\n<h2 style=\"margin: 0 0 8px 0;font-size: 36px;line-height: 1.05;color: #111111;font-weight: 900;text-transform: uppercase\">Heiko Herms<\/h2>\n<div style=\"width: 82px;height: 4px;background: linear-gradient(90deg, #00AEEF, #0b56c4);border-radius: 999px;margin: 0 0 16px 0\"><\/div>\n<div style=\"color: #111111;font-size: 16px;line-height: 1.8;font-weight: 600\">E-Mail: leichtathletik-arminia-eilendorf@gmail.com<br \/>\nTel.: 0241 \/ 41229980<\/div>\n<\/div>\n<\/div>\n<div style=\"grid-template-columns: repeat(auto-fit, minmax(220px, 1fr));gap: 12px;margin-bottom: 18px\">\n<div style=\"border-radius: 16px;padding: 14px 16px\">\n<div style=\"font-size: 13px;font-weight: 800;text-transform: uppercase;letter-spacing: 1px;color: #0b56c4;margin-bottom: 6px\">Fokus<\/div>\n<div style=\"color: #111111;font-size: 15px;line-height: 1.7;font-weight: 600\">Bewegung f\u00f6rdern<br \/>\nSport f\u00fcr alle zug\u00e4nglich machen<br \/>\nArminia Eilendorf als Herzenssache<\/div>\n<\/div>\n<div style=\"border-radius: 16px;padding: 14px 16px\">\n<div style=\"font-size: 13px;font-weight: 800;text-transform: uppercase;letter-spacing: 1px;color: #0b56c4;margin-bottom: 6px\">Haltung<\/div>\n<div style=\"color: #111111;font-size: 15px;line-height: 1.7;font-weight: 600\">Gesundheit an erster Stelle<br \/>\nSport f\u00fcr Jung und Alt<br \/>\nBewegung f\u00fcr alle Menschen<\/div>\n<\/div>\n<\/div>\n<div style=\"margin-bottom: 18px;color: #111111;font-size: 16px;line-height: 1.8\"><strong>Pers\u00f6nliche Vorstellung<\/strong><br \/>\nAls P\u00e4dagoge und langj\u00e4hriger Trainer im Fu\u00dfball, ist mir seit Olympia in Paris bewusst geworden, dass wir unsere Fl\u00e4chen mehr f\u00fcr die Gesundheit und Bewegung der Kinder und Erwachsenen nutzen m\u00fcssen. Ich war in den 80er Jahren Teil der Leichtathletikabteilung und m\u00f6chte diese Abteilung wieder aufleben lassen. Dabei m\u00f6chte ich bestehende Grenzen einrei\u00dfen, indem ich den Sport und die Bewegung f\u00fcr Jedermann zug\u00e4nglich mache. Egal ob jung oder alt, ob uneingeschr\u00e4nkt beweglich oder eine k\u00f6rperliche Behinderung \u2013 Sport soll m\u00f6glich sein und die Gesundheit soll an erster Stelle stehen. Arminia Eilendorf war schon immer mein Verein, ist und bleibt eine Herzenssache. Deshalb muss es in der Brander Stra\u00dfe 6 sein. Mit Friede, Freude und Sportsgeist in eine gesunde Zukunft.<\/div>\n<div style=\"grid-template-columns: repeat(auto-fit, minmax(280px, 1fr));gap: 16px\">\n<div style=\"background: #f4f8fc;border-radius: 18px;padding: 18px\">\n<div style=\"color: #0b56c4;font-size: 14px;font-weight: 800;text-transform: uppercase;letter-spacing: 1px;margin-bottom: 10px\">Fachkompetenz<\/div>\n<div style=\"color: #111111;font-size: 15px;line-height: 1.8;font-weight: 600\">\u2022 8 Jahre Erzieher<br \/>\n\u2022 1 Jahr Deutsche Schule Bilbao, Spanien<br \/>\n\u2022 4 Jahre Humboldt Schule, Puebla Mexiko<br \/>\n\u2022 3 Jahre Aachen, Deutschland<br \/>\n\u2022 2 Jahre Psychologie Studium (ohne Abschluss), Fernuniversit\u00e4t Hagen<br \/>\n\u2022 Fachwirt f\u00fcr Gesundheit und Sozialwesen, BBW Akademie N\u00fcrnberg<br \/>\n\u2022 Aktuell: Projektmanager \/ Verwaltung, MSC Vaals, Vaals, Niederlande<br \/>\n\u2022 Trainer C-Lizenz Fu\u00dfball, FVM Deutschland<br \/>\n\u2022 Trainer C-Lizenz Fitness, Deutsche Sportakademie<\/div>\n<\/div>\n<div style=\"background: #eef8fd;border-radius: 18px;padding: 18px\">\n<div style=\"color: #0b56c4;font-size: 14px;font-weight: 800;text-transform: uppercase;letter-spacing: 1px;margin-bottom: 10px\">Vereinserfahrung<\/div>\n<div style=\"color: #111111;font-size: 15px;line-height: 1.8;font-weight: 600\">\u2022 4 Jahre Leichtathletik, DJK Arminia Eilendorf e.V.<br \/>\n\u2022 9 Jahre Fu\u00dfball, DJK Arminia Eilendorf e.V.<br \/>\n\u2022 4 Jahre Rollstuhlbasketball, Behinderten Sportgemeinschaft Aachen<br \/>\n\u2022 4 Jahre Tischtennis, Behinderten Sportgemeinschaft Aachen<br \/>\n\u2022 1 Jahr American Football, Aachen Vampires<br \/>\n\u2022 1 Jahr American Football, Dresden Monarchs<br \/>\n\u2022 2 Jahre Basketball, Toros de Puebla, Puebla PUE, Mexiko<br \/>\n\u2022 1 Jahr Fu\u00dfball, Athleticos, Puebla PUE, Mexiko<br \/>\n\u2022 Seit 6 Jahren Trainer Fu\u00dfball Jugend, DJK Arminia Eilendorf e.V.<\/div>\n<\/div>\n<\/div>\n<\/div>\n<p><!-- KATHARINA HERMS --><\/p>\n<div style=\"background: linear-gradient(135deg, rgba(255,255,255,0.98) 0%, rgba(240,247,255,0.98) 100%);border-left: 8px solid #0b56c4;border-radius: 24px;padding: 30px 28px 26px 28px;position: relative;overflow: hidden;margin-bottom: 28px\">\n<div style=\"position: absolute;top: 0;right: 0;width: 150px;height: 150px;background: radial-gradient(circle at top right, rgba(0,174,239,0.16), rgba(255,255,255,0))\"><\/div>\n<div style=\"flex-wrap: wrap;gap: 22px;align-items: center;margin-bottom: 22px\">\n<div style=\"flex: 0 0 170px;width: 170px;height: 170px;border-radius: 22px;overflow: hidden;background: #dfeaf7\"><img decoding=\"async\" style=\"width: 100%;height: 100%;object-fit: cover\" src=\"https:\/\/djk-arminia-eilendorf.de\/leichtathletik\/wp-content\/uploads\/sites\/9\/2025\/04\/Katharina-Herms-Bild-froehlich.jpg\" alt=\"Katharina Herms\" \/><\/div>\n<div style=\"flex: 1 1 320px;min-width: 260px\">\n<div style=\"font-size: 13px;font-weight: 800;letter-spacing: 2px;text-transform: uppercase;color: #0b56c4;margin-bottom: 10px\">Gesch\u00e4ftsf\u00fchrerin<\/div>\n<h2 style=\"margin: 0 0 8px 0;font-size: 36px;line-height: 1.05;color: #111111;font-weight: 900;text-transform: uppercase\">Katharina Herms<\/h2>\n<div style=\"width: 82px;height: 4px;background: linear-gradient(90deg, #00AEEF, #0b56c4);border-radius: 999px;margin: 0 0 16px 0\"><\/div>\n<div style=\"color: #111111;font-size: 16px;line-height: 1.8;font-weight: 600\">E-Mail: leichtathletik-arminia-eilendorf@gmail.com<br \/>\nTel.: 0172 \/ 1766442<\/div>\n<\/div>\n<\/div>\n<div style=\"grid-template-columns: repeat(auto-fit, minmax(220px, 1fr));gap: 12px;margin-bottom: 18px\">\n<div style=\"border-radius: 16px;padding: 14px 16px\">\n<div style=\"font-size: 13px;font-weight: 800;text-transform: uppercase;letter-spacing: 1px;color: #0b56c4;margin-bottom: 6px\">Fokus<\/div>\n<div style=\"color: #111111;font-size: 15px;line-height: 1.7;font-weight: 600\">Organisation<br \/>\nMenschen in Bewegung bringen<br \/>\nVereinsarbeit mit Familiencharakter<\/div>\n<\/div>\n<div style=\"border-radius: 16px;padding: 14px 16px\">\n<div style=\"font-size: 13px;font-weight: 800;text-transform: uppercase;letter-spacing: 1px;color: #0b56c4;margin-bottom: 6px\">St\u00e4rke<\/div>\n<div style=\"color: #111111;font-size: 15px;line-height: 1.7;font-weight: 600\">Struktur schaffen<br \/>\nProjekte begleiten<br \/>\nMenschen verbinden<\/div>\n<\/div>\n<\/div>\n<div style=\"margin-bottom: 18px;color: #111111;font-size: 16px;line-height: 1.8\"><strong>Pers\u00f6nliche Vorstellung<\/strong><br \/>\nIch habe den Posten als Gesch\u00e4ftsf\u00fchrerin \u00fcbernommen, weil es mir ein Anliegen ist, viele Menschen in Bewegung zu bringen. Mit meiner Erfahrung in der Gesch\u00e4ftsf\u00fchrung versuche ich, die Abteilung nach vorne zu bringen. Mein Wunsch ist es, Menschen nach Eilendorf zu bekommen, die nicht immer Ballsport treiben, aber sich k\u00f6rperlich bet\u00e4tigen wollen. Deshalb freue ich mich auf diese neue Aufgabe in diesem tollen Verein, der f\u00fcr Familie und Zusammensein im Sport steht.<\/div>\n<div style=\"grid-template-columns: repeat(auto-fit, minmax(280px, 1fr));gap: 16px\">\n<div style=\"background: #f4f8fc;border-radius: 18px;padding: 18px\">\n<div style=\"color: #0b56c4;font-size: 14px;font-weight: 800;text-transform: uppercase;letter-spacing: 1px;margin-bottom: 10px\">Fachkompetenz<\/div>\n<div style=\"color: #111111;font-size: 15px;line-height: 1.8;font-weight: 600\">\u2022 45 Jahre berufliche Erfahrung<br \/>\n\u2022 33 Jahre in einer gro\u00dfen Beh\u00f6rde<br \/>\n\u2022 Davon \u00fcber 20 Jahre rechte Hand des Personaldezernenten<br \/>\n\u2022 Erstellung und Betreuung eigener Projekte<\/div>\n<\/div>\n<div style=\"background: #eef8fd;border-radius: 18px;padding: 18px\">\n<div style=\"color: #0b56c4;font-size: 14px;font-weight: 800;text-transform: uppercase;letter-spacing: 1px;margin-bottom: 10px\">Vereinserfahrung<\/div>\n<div style=\"color: #111111;font-size: 15px;line-height: 1.8;font-weight: 600\">\u2022 Viele Jahre im Vorstand der Stadtpfeifer Aachen Eilendorf e.V.<br \/>\n\u2022 17 Jahre im Vorstand der Interessengemeinschaft Eilendorfer Vereine e.V.<br \/>\n\u2022 Davon 13 Jahre als Vorsitzende<br \/>\n\u2022 Organisation von Weihnachtsm\u00e4rkten, Karnevalsveranstaltungen und B\u00fcrgerfesten<br \/>\n\u2022 Schriftf\u00fchrerin bei der DJK Arminia Eilendorf 1919 e.V. seit 2024<br \/>\n\u2022 Vorstandsarbeit im Ortsverband Eilendorf der AWO seit 2023<\/div>\n<\/div>\n<\/div>\n<\/div>\n<p><!-- VAKANTE POSITIONEN --><\/p>\n<div style=\"grid-template-columns: repeat(auto-fit, minmax(260px, 1fr));gap: 18px\">\n<div style=\"background: #f4f8fc;border-radius: 22px;padding: 24px;border-top: 6px solid #0b56c4\">\n<div style=\"font-size: 14px;font-weight: 800;text-transform: uppercase;letter-spacing: 1px;color: #0b56c4;margin-bottom: 10px\">Position<\/div>\n<h3 style=\"margin: 0 0 8px 0;font-size: 26px;line-height: 1.1;color: #111111;font-weight: 900;text-transform: uppercase\">Sportliche Leitung<\/h3>\n<p style=\"margin: 0;font-size: 16px;line-height: 1.7;color: #111111;font-weight: 600\">Aktuell vakant.<\/p>\n<\/div>\n<div style=\"background: #eef8fd;border-radius: 22px;padding: 24px;border-top: 6px solid #00AEEF\">\n<div style=\"font-size: 14px;font-weight: 800;text-transform: uppercase;letter-spacing: 1px;color: #0b56c4;margin-bottom: 10px\">Position<\/div>\n<h3 style=\"margin: 0 0 8px 0;font-size: 26px;line-height: 1.1;color: #111111;font-weight: 900;text-transform: uppercase\">\u00dcbungsleiter \/ Trainer \/ Betreuer<\/h3>\n<p style=\"margin: 0;font-size: 16px;line-height: 1.7;color: #111111;font-weight: 600\">Aktuell vakant.<\/p>\n<\/div>\n<\/div>\n<\/div>\n","protected":false},"excerpt":{"rendered":"<p>Leichtathletik Cheetahs Vorstand Menschen mit Herz, Verantwortung und Bewegung im Blick \u2013 f\u00fcr den Aufbau und die Entwicklung der Leichtathletikabteilung in Eilendorf. Abteilungsleiter Heiko Herms E-Mail: leichtathletik-arminia-eilendorf@gmail.com Tel.: 0241 \/ 41229980 Fokus Bewegung f\u00f6rdern Sport f\u00fcr alle zug\u00e4nglich machen Arminia Eilendorf als Herzenssache Haltung Gesundheit an erster Stelle Sport f\u00fcr Jung und Alt Bewegung f\u00fcr [&hellip;]<\/p>\n","protected":false},"author":14,"featured_media":0,"parent":0,"menu_order":1,"comment_status":"closed","ping_status":"closed","template":"","meta":{"footnotes":""},"class_list":["post-16","page","type-page","status-publish","hentry"],"jetpack_sharing_enabled":true,"publishpress_future_action":{"enabled":false,"date":"2026-05-07 09:33:02","action":"change-status","newStatus":"draft","terms":[],"taxonomy":"","extraData":[]},"publishpress_future_workflow_manual_trigger":{"enabledWorkflows":[]},"_links":{"self":[{"href":"https:\/\/djk-arminia-eilendorf.de\/leichtathletik\/wp-json\/wp\/v2\/pages\/16","targetHints":{"allow":["GET"]}}],"collection":[{"href":"https:\/\/djk-arminia-eilendorf.de\/leichtathletik\/wp-json\/wp\/v2\/pages"}],"about":[{"href":"https:\/\/djk-arminia-eilendorf.de\/leichtathletik\/wp-json\/wp\/v2\/types\/page"}],"author":[{"embeddable":true,"href":"https:\/\/djk-arminia-eilendorf.de\/leichtathletik\/wp-json\/wp\/v2\/users\/14"}],"replies":[{"embeddable":true,"href":"https:\/\/djk-arminia-eilendorf.de\/leichtathletik\/wp-json\/wp\/v2\/comments?post=16"}],"version-history":[{"count":15,"href":"https:\/\/djk-arminia-eilendorf.de\/leichtathletik\/wp-json\/wp\/v2\/pages\/16\/revisions"}],"predecessor-version":[{"id":305,"href":"https:\/\/djk-arminia-eilendorf.de\/leichtathletik\/wp-json\/wp\/v2\/pages\/16\/revisions\/305"}],"wp:attachment":[{"href":"https:\/\/djk-arminia-eilendorf.de\/leichtathletik\/wp-json\/wp\/v2\/media?parent=16"}],"curies":[{"name":"wp","href":"https:\/\/api.w.org\/{rel}","templated":true}]}}