{"id":165,"date":"2026-04-09T17:10:41","date_gmt":"2026-04-09T15:10:41","guid":{"rendered":"https:\/\/djk-arminia-eilendorf.de\/leichtathletik\/?page_id=165"},"modified":"2026-04-28T17:26:06","modified_gmt":"2026-04-28T15:26:06","slug":"trainer","status":"publish","type":"page","link":"https:\/\/djk-arminia-eilendorf.de\/leichtathletik\/trainer\/","title":{"rendered":"Trainer"},"content":{"rendered":"<div style=\"width: 100%;font-family: Arial, sans-serif;color: #111111\">\n<p><!-- HERO --><\/p>\n<div style=\"width: 100%;background: linear-gradient(135deg, #0b56c4 0%, #00AEEF 100%);border-radius: 28px;padding: 34px 30px;margin-bottom: 28px\">\n<div style=\"font-size: 14px;font-weight: 800;letter-spacing: 2px;text-transform: uppercase;color: #eaf7ff;margin-bottom: 10px\">Leichtathletik Cheetahs<\/div>\n<h1 style=\"margin: 0 0 10px 0;font-size: 42px;line-height: 1.02;font-weight: 900;text-transform: uppercase;color: #ffffff\">Trainer<\/h1>\n<p style=\"margin: 0;max-width: 760px;font-size: 18px;line-height: 1.6;color: #f4fbff;font-weight: 500\">Kompetenz, Haltung und Freude an Bewegung \u2013<br \/>\nf\u00fcr Kinder, Jugend und Erwachsene in der Leichtathletikabteilung Eilendorf.<\/p>\n<\/div>\n<p><!-- SONJA ENGELS --><\/p>\n<div style=\"background: linear-gradient(135deg, rgba(255,255,255,0.98) 0%, rgba(240,247,255,0.98) 100%);border-left: 8px solid #0b56c4;border-radius: 24px;padding: 30px 28px 26px 28px;position: relative;overflow: hidden;margin-bottom: 28px\">\n<div style=\"position: absolute;top: 0;right: 0;width: 150px;height: 150px;background: radial-gradient(circle at top right, rgba(0,174,239,0.16), rgba(255,255,255,0))\"><\/div>\n<div style=\"flex-wrap: wrap;gap: 22px;align-items: center;margin-bottom: 22px\">\n<div style=\"flex: 0 0 170px;width: 170px;height: 170px;border-radius: 22px;overflow: hidden;background: #dfeaf7\"><img decoding=\"async\" style=\"width: 100%;height: 100%;object-fit: cover\" src=\"https:\/\/djk-arminia-eilendorf.de\/leichtathletik\/wp-content\/uploads\/sites\/9\/2026\/04\/Sonja-Trampolin.jpeg\" alt=\"Sonja Engels\" \/><\/div>\n<div style=\"flex: 1 1 320px;min-width: 260px\">\n<div style=\"font-size: 13px;font-weight: 800;letter-spacing: 2px;text-transform: uppercase;color: #0b56c4;margin-bottom: 10px\">Trainerin<\/div>\n<h2 style=\"margin: 0 0 8px 0;font-size: 36px;line-height: 1.05;color: #111111;font-weight: 900;text-transform: uppercase\">Sonja Engels<\/h2>\n<div style=\"width: 82px;height: 4px;background: linear-gradient(90deg, #00AEEF, #0b56c4);border-radius: 999px;margin: 0 0 16px 0\"><\/div>\n<div style=\"color: #111111;font-size: 16px;line-height: 1.8;font-weight: 600\">Kinder \/ Jugend \/ Erwachsene<br \/>\nE-Mail: sonja.kempen@t-online.de<br \/>\nTel.: 0177 \/ 3382498<\/div>\n<\/div>\n<\/div>\n<div style=\"grid-template-columns: repeat(auto-fit, minmax(220px, 1fr));gap: 12px;margin-bottom: 18px\">\n<div style=\"border-radius: 16px;padding: 14px 16px\">\n<div style=\"font-size: 13px;font-weight: 800;text-transform: uppercase;letter-spacing: 1px;color: #0b56c4;margin-bottom: 6px\">Fokus<\/div>\n<div style=\"color: #111111;font-size: 15px;line-height: 1.7;font-weight: 600\">Spielerischer Einstieg<br \/>\nGrundlegende Bewegungsformen<br \/>\nPers\u00f6nliche Entwicklung f\u00f6rdern<\/div>\n<\/div>\n<div style=\"border-radius: 16px;padding: 14px 16px\">\n<div style=\"font-size: 13px;font-weight: 800;text-transform: uppercase;letter-spacing: 1px;color: #0b56c4;margin-bottom: 6px\">Haltung<\/div>\n<div style=\"color: #111111;font-size: 15px;line-height: 1.7;font-weight: 600\">Selbstvertrauen st\u00e4rken<br \/>\nFairness vermitteln<br \/>\nPositive Trainingsatmosph\u00e4re schaffen<\/div>\n<\/div>\n<\/div>\n<div style=\"margin-bottom: 18px;color: #111111;font-size: 16px;line-height: 1.8\"><strong>Meine Motivation<\/strong><br \/>\nIch m\u00f6chte Kinder in Leichtathletik trainieren, weil ich meine Begeisterung f\u00fcr Bewegung und Sport weitergeben m\u00f6chte. Gerade die Leichtathletik bietet Kindern einen vielseitigen und spielerischen Einstieg in grundlegende Bewegungsformen wie Laufen, Springen und Werfen. Mir ist es wichtig, Kinder nicht nur sportlich zu f\u00f6rdern, sondern sie auch in ihrer pers\u00f6nlichen Entwicklung zu unterst\u00fctzen. Im Training lernen sie Selbstvertrauen, Fairness und den Umgang mit Erfolgen und R\u00fcckschl\u00e4gen \u2013 Werte, die weit \u00fcber den Sport hinausgehen. Besonders motiviert mich zu sehen, wie Kinder Fortschritte machen, ihre eigenen St\u00e4rken entdecken und Freude an Bewegung entwickeln. Ich m\u00f6chte eine positive und unterst\u00fctzende Trainingsathmosph\u00e4re schaffen, in der sich jedes Kind wohlf\u00fchlt und sein Potential entfalten kann. F\u00fcr mich ist das Trainersein deshalb nicht nur eine sportliche Aufgabe, sondern auch eine verantwortungsvolle und erf\u00fcllende T\u00e4tigkeit.<\/div>\n<div style=\"grid-template-columns: repeat(auto-fit, minmax(280px, 1fr));gap: 16px\">\n<div style=\"background: #f4f8fc;border-radius: 18px;padding: 18px\">\n<div style=\"color: #0b56c4;font-size: 14px;font-weight: 800;text-transform: uppercase;letter-spacing: 1px;margin-bottom: 10px\">Referenzen<\/div>\n<div style=\"color: #111111;font-size: 15px;line-height: 1.8;font-weight: 600\">\u2022 2001 Examen Krankenpfleger<br \/>\n\u2022 2023 Qualifikation zur Eltern-Kind-Kursleitung<br \/>\n\u2022 2025 \u00dcbungsleiterin C-Lizenz Breitensport<br \/>\n\u2022 Drumstick Fitness Instruktorin<br \/>\n\u2022 2026 Aquafitness Instruktorin<br \/>\n\u2022 In Arbeit: 2026 B-Lizenz Rehabilitation \/ Pr\u00e4vention<\/div>\n<\/div>\n<div style=\"background: #eef8fd;border-radius: 18px;padding: 18px\">\n<div style=\"color: #0b56c4;font-size: 14px;font-weight: 800;text-transform: uppercase;letter-spacing: 1px;margin-bottom: 10px\">Weitere Interessen<\/div>\n<div style=\"color: #111111;font-size: 15px;line-height: 1.8;font-weight: 600\">\u2022 Tauchen<br \/>\n\u2022 Familie<br \/>\n\u2022 Lesen<\/div>\n<\/div>\n<\/div>\n<\/div>\n<p><!-- HEIKO HERMS --><\/p>\n<div style=\"background: linear-gradient(135deg, rgba(255,255,255,0.98) 0%, rgba(240,247,255,0.98) 100%);border-left: 8px solid #0b56c4;border-radius: 24px;padding: 30px 28px 26px 28px;position: relative;overflow: hidden;margin-bottom: 28px\">\n<div style=\"position: absolute;top: 0;right: 0;width: 150px;height: 150px;background: radial-gradient(circle at top right, rgba(0,174,239,0.16), rgba(255,255,255,0))\"><\/div>\n<div style=\"flex-wrap: wrap;gap: 22px;align-items: center;margin-bottom: 22px\">\n<div style=\"flex: 0 0 170px;width: 170px;height: 170px;border-radius: 22px;overflow: hidden;background: #dfeaf7\"><img decoding=\"async\" style=\"width: 100%;height: 100%;object-fit: cover\" src=\"https:\/\/djk-arminia-eilendorf.de\/leichtathletik\/wp-content\/uploads\/sites\/9\/2025\/06\/143639163_815628785687183_5875315959054531009_n.jpg\" alt=\"Heiko Herms\" \/><\/div>\n<div style=\"flex: 1 1 320px;min-width: 260px\">\n<div style=\"font-size: 13px;font-weight: 800;letter-spacing: 2px;text-transform: uppercase;color: #0b56c4;margin-bottom: 10px\">Trainer<\/div>\n<h2 style=\"margin: 0 0 8px 0;font-size: 36px;line-height: 1.05;color: #111111;font-weight: 900;text-transform: uppercase\">Heiko Herms<\/h2>\n<div style=\"width: 82px;height: 4px;background: linear-gradient(90deg, #00AEEF, #0b56c4);border-radius: 999px;margin: 0 0 16px 0\"><\/div>\n<div style=\"color: #111111;font-size: 16px;line-height: 1.8;font-weight: 600\">Jugend \/ Erwachsene<br \/>\nE-Mail: leichtathletik-arminia-eilendorf@gmail.com<br \/>\nTel.: 0241 \/ 41229980<\/div>\n<\/div>\n<\/div>\n<div style=\"grid-template-columns: repeat(auto-fit, minmax(220px, 1fr));gap: 12px;margin-bottom: 18px\">\n<div style=\"border-radius: 16px;padding: 14px 16px\">\n<div style=\"font-size: 13px;font-weight: 800;text-transform: uppercase;letter-spacing: 1px;color: #0b56c4;margin-bottom: 6px\">Fokus<\/div>\n<div style=\"color: #111111;font-size: 15px;line-height: 1.7;font-weight: 600\">Technik und Haltung<br \/>\nBewusstsein und K\u00f6rperspannung<br \/>\nMentale Entwicklung<\/div>\n<\/div>\n<div style=\"border-radius: 16px;padding: 14px 16px\">\n<div style=\"font-size: 13px;font-weight: 800;text-transform: uppercase;letter-spacing: 1px;color: #0b56c4;margin-bottom: 6px\">Haltung<\/div>\n<div style=\"color: #111111;font-size: 15px;line-height: 1.7;font-weight: 600\">Schwache Momente akzeptieren<br \/>\nGute Momente genie\u00dfen<br \/>\nMindset als Ziel setzen<\/div>\n<\/div>\n<\/div>\n<div style=\"margin-bottom: 18px;color: #111111;font-size: 16px;line-height: 1.8\"><strong>Meine Motivation<\/strong><br \/>\nBewegung ist nicht einfach nur vorw\u00e4rts gehen, schnell oder langsam, durchhalten oder schw\u00e4cheln. Es ist seine Grenzen zu entdecken, sich bewusst zu machen und \u00fcber sie hinauszuwachsen. Bewegung ist Haltung, Atmung, K\u00f6rperspannung, Entschlossenheit, Bewusstsein und niemals aufzugeben. Um das alles umsetzen zu k\u00f6nnen, darf der Spa\u00df auch nicht zu kurz kommen. Auch wenn es nicht immer Spa\u00df macht, ist das Gef\u00fchl, gegen seine inneren D\u00e4monen ank\u00e4mpfen zu k\u00f6nnen und seine pers\u00f6nlichen Ziele geschafft zu haben, ein unbeschreibliches Gef\u00fchl. Ich rede hierbei nicht nur vom Sport, sondern auch vom Leben. Denn solchen Herausforderungen stehen wir nicht nur im Sport gegen\u00fcber, sondern auch im Alltag. Doch Erfolg und die innere Einstellung lassen sich auf viele Situationen im Leben \u00fcbertragen. Darin sehe ich meine Aufgabe. Nicht nur Technik, auch inneres Mindset. Schwache Momente akzeptieren, gute Momente genie\u00dfen und den mentalen Umgang als Ziel setzen.<\/div>\n<div style=\"grid-template-columns: repeat(auto-fit, minmax(280px, 1fr));gap: 16px\">\n<div style=\"background: #f4f8fc;border-radius: 18px;padding: 18px\">\n<div style=\"color: #0b56c4;font-size: 14px;font-weight: 800;text-transform: uppercase;letter-spacing: 1px;margin-bottom: 10px\">Referenzen<\/div>\n<div style=\"color: #111111;font-size: 15px;line-height: 1.8;font-weight: 600\">\u2022 2020 Trainer C-Lizenz Fu\u00dfball, FVM<br \/>\n\u2022 2022 Trainer C-Lizenz Fitness, Deutsche Sportakademie<br \/>\n\u2022 In Arbeit: 2026 B-Lizenz \u2013 Pr\u00e4vention \/ Reha \u2013 Landessportbund NRW<\/div>\n<\/div>\n<div style=\"background: #eef8fd;border-radius: 18px;padding: 18px\">\n<div style=\"color: #0b56c4;font-size: 14px;font-weight: 800;text-transform: uppercase;letter-spacing: 1px;margin-bottom: 10px\">Weitere Interessen<\/div>\n<div style=\"color: #111111;font-size: 15px;line-height: 1.8;font-weight: 600\">\u2022 Musik<br \/>\n\u2022 Reisen<br \/>\n\u2022 Computer<br \/>\n\u2022 Fu\u00dfball<\/div>\n<\/div>\n<\/div>\n<\/div>\n<\/div>\n","protected":false},"excerpt":{"rendered":"<p>Leichtathletik Cheetahs Trainer Kompetenz, Haltung und Freude an Bewegung \u2013 f\u00fcr Kinder, Jugend und Erwachsene in der Leichtathletikabteilung Eilendorf. Trainerin Sonja Engels Kinder \/ Jugend \/ Erwachsene E-Mail: sonja.kempen@t-online.de Tel.: 0177 \/ 3382498 Fokus Spielerischer Einstieg Grundlegende Bewegungsformen Pers\u00f6nliche Entwicklung f\u00f6rdern Haltung Selbstvertrauen st\u00e4rken Fairness vermitteln Positive Trainingsatmosph\u00e4re schaffen Meine Motivation Ich m\u00f6chte Kinder in [&hellip;]<\/p>\n","protected":false},"author":14,"featured_media":0,"parent":0,"menu_order":2,"comment_status":"closed","ping_status":"closed","template":"","meta":{"footnotes":""},"class_list":["post-165","page","type-page","status-publish","hentry"],"jetpack_sharing_enabled":true,"publishpress_future_action":{"enabled":false,"date":"2026-05-07 13:29:26","action":"change-status","newStatus":"draft","terms":[],"taxonomy":"","extraData":[]},"publishpress_future_workflow_manual_trigger":{"enabledWorkflows":[]},"_links":{"self":[{"href":"https:\/\/djk-arminia-eilendorf.de\/leichtathletik\/wp-json\/wp\/v2\/pages\/165","targetHints":{"allow":["GET"]}}],"collection":[{"href":"https:\/\/djk-arminia-eilendorf.de\/leichtathletik\/wp-json\/wp\/v2\/pages"}],"about":[{"href":"https:\/\/djk-arminia-eilendorf.de\/leichtathletik\/wp-json\/wp\/v2\/types\/page"}],"author":[{"embeddable":true,"href":"https:\/\/djk-arminia-eilendorf.de\/leichtathletik\/wp-json\/wp\/v2\/users\/14"}],"replies":[{"embeddable":true,"href":"https:\/\/djk-arminia-eilendorf.de\/leichtathletik\/wp-json\/wp\/v2\/comments?post=165"}],"version-history":[{"count":14,"href":"https:\/\/djk-arminia-eilendorf.de\/leichtathletik\/wp-json\/wp\/v2\/pages\/165\/revisions"}],"predecessor-version":[{"id":306,"href":"https:\/\/djk-arminia-eilendorf.de\/leichtathletik\/wp-json\/wp\/v2\/pages\/165\/revisions\/306"}],"wp:attachment":[{"href":"https:\/\/djk-arminia-eilendorf.de\/leichtathletik\/wp-json\/wp\/v2\/media?parent=165"}],"curies":[{"name":"wp","href":"https:\/\/api.w.org\/{rel}","templated":true}]}}